{"id":371,"date":"2023-01-05T11:36:47","date_gmt":"2023-01-05T10:36:47","guid":{"rendered":"http:\/\/chevaletprovence.fr\/?page_id=371"},"modified":"2023-01-10T10:52:33","modified_gmt":"2023-01-10T09:52:33","slug":"prestations","status":"publish","type":"page","link":"https:\/\/chevaletprovence.fr\/index.php\/prestations\/","title":{"rendered":"PRESTATIONS"},"content":{"rendered":"\n<p>Notre club vous propose diverse prestations, dont nous vous invitons \u00e0 d\u00e9couvrir le d\u00e9tail en cliquant sur celle qui vous int\u00e9resse. <\/p>\n\n\n\n<p><\/p>\n\n\n\n<figure class=\"wp-block-image size-large\"><img fetchpriority=\"high\" decoding=\"async\" width=\"1024\" height=\"768\" src=\"http:\/\/chevaletprovence.fr\/wp-content\/uploads\/2023\/01\/IMG_1044-1024x768.jpeg\" alt=\"\" class=\"wp-image-372\" srcset=\"https:\/\/chevaletprovence.fr\/wp-content\/uploads\/2023\/01\/IMG_1044-1024x768.jpeg 1024w, https:\/\/chevaletprovence.fr\/wp-content\/uploads\/2023\/01\/IMG_1044-300x225.jpeg 300w, https:\/\/chevaletprovence.fr\/wp-content\/uploads\/2023\/01\/IMG_1044-768x576.jpeg 768w, https:\/\/chevaletprovence.fr\/wp-content\/uploads\/2023\/01\/IMG_1044-1536x1152.jpeg 1536w, https:\/\/chevaletprovence.fr\/wp-content\/uploads\/2023\/01\/IMG_1044-2048x1536.jpeg 2048w, https:\/\/chevaletprovence.fr\/wp-content\/uploads\/2023\/01\/IMG_1044-1140x855.jpeg 1140w\" sizes=\"(max-width: 1024px) 100vw, 1024px\" \/><\/figure>\n\n\n\n<p><\/p>\n\n\n\n<h5 class=\"has-text-align-center wp-block-heading\"><a href=\"http:\/\/chevaletprovence.fr\/index.php\/les-cours\/\" target=\"_blank\" rel=\"noreferrer noopener\">&#8211; LES COURS &#8211;<\/a><\/h5>\n\n\n\n<p class=\"has-text-align-center\">Nous proposons des cours \u00e0 l&rsquo;ann\u00e9e pour tous les \u00e2ges et les niveaux. Vous pouvez vous inscrire \u00e0 tout moment et profiter d&rsquo;un tarif au prorata des cours r\u00e9alis\u00e9s pour une inscription \u00e0 l&rsquo;ann\u00e9e.<br>D\u00e9couvrez aussi nos autres offres autour des cours.<\/p>\n\n\n\n<p><\/p>\n\n\n<div class=\"wp-block-image\">\n<figure class=\"aligncenter size-full is-resized\"><img decoding=\"async\" src=\"http:\/\/chevaletprovence.fr\/wp-content\/uploads\/2023\/01\/Capture-decran-2023-01-05-a-12.11.51.png\" alt=\"\" class=\"wp-image-407\" width=\"83\" height=\"60\" srcset=\"https:\/\/chevaletprovence.fr\/wp-content\/uploads\/2023\/01\/Capture-decran-2023-01-05-a-12.11.51.png 1020w, https:\/\/chevaletprovence.fr\/wp-content\/uploads\/2023\/01\/Capture-decran-2023-01-05-a-12.11.51-300x216.png 300w, https:\/\/chevaletprovence.fr\/wp-content\/uploads\/2023\/01\/Capture-decran-2023-01-05-a-12.11.51-768x554.png 768w\" sizes=\"(max-width: 83px) 100vw, 83px\" \/><\/figure>\n<\/div>\n\n\n<p><\/p>\n\n\n\n<h5 class=\"has-text-align-center wp-block-heading\"><a href=\"http:\/\/chevaletprovence.fr\/index.php\/nos-pensions\/\">&#8211; NOS PENSIONS-<\/a><\/h5>\n\n\n\n<p class=\"has-text-align-center\">Cheval et Provence vous propose trois formules de pension \u00e0 d\u00e9couvrir en cliquant ci-dessus.<\/p>\n\n\n\n<p><\/p>\n\n\n<div class=\"wp-block-image\">\n<figure class=\"aligncenter size-full is-resized\"><img decoding=\"async\" src=\"http:\/\/chevaletprovence.fr\/wp-content\/uploads\/2023\/01\/Capture-decran-2023-01-05-a-12.11.51.png\" alt=\"\" class=\"wp-image-407\" width=\"83\" height=\"60\" srcset=\"https:\/\/chevaletprovence.fr\/wp-content\/uploads\/2023\/01\/Capture-decran-2023-01-05-a-12.11.51.png 1020w, https:\/\/chevaletprovence.fr\/wp-content\/uploads\/2023\/01\/Capture-decran-2023-01-05-a-12.11.51-300x216.png 300w, https:\/\/chevaletprovence.fr\/wp-content\/uploads\/2023\/01\/Capture-decran-2023-01-05-a-12.11.51-768x554.png 768w\" sizes=\"(max-width: 83px) 100vw, 83px\" \/><\/figure>\n<\/div>\n\n\n<p><\/p>\n\n\n\n<h5 class=\"has-text-align-center wp-block-heading\"><a href=\"http:\/\/chevaletprovence.fr\/index.php\/la-demi-pension\/\">&#8211; LA DEMI-PENSION &#8211;<\/a><\/h5>\n\n\n\n<p class=\"has-text-align-center\">D\u00e9couvrez la joie de partager un lien privil\u00e9gi\u00e9 avec l&rsquo;un de nos \u00e9quid\u00e9s et des tarifs avantageux. <\/p>\n\n\n\n<p><\/p>\n\n\n<div class=\"wp-block-image\">\n<figure class=\"aligncenter size-full is-resized\"><img decoding=\"async\" src=\"http:\/\/chevaletprovence.fr\/wp-content\/uploads\/2023\/01\/Capture-decran-2023-01-05-a-12.11.51.png\" alt=\"\" class=\"wp-image-407\" width=\"83\" height=\"60\" srcset=\"https:\/\/chevaletprovence.fr\/wp-content\/uploads\/2023\/01\/Capture-decran-2023-01-05-a-12.11.51.png 1020w, https:\/\/chevaletprovence.fr\/wp-content\/uploads\/2023\/01\/Capture-decran-2023-01-05-a-12.11.51-300x216.png 300w, https:\/\/chevaletprovence.fr\/wp-content\/uploads\/2023\/01\/Capture-decran-2023-01-05-a-12.11.51-768x554.png 768w\" sizes=\"(max-width: 83px) 100vw, 83px\" \/><\/figure>\n<\/div>\n\n\n<p><\/p>\n\n\n\n<h5 class=\"has-text-align-center wp-block-heading\"><a href=\"http:\/\/chevaletprovence.fr\/index.php\/balades\/\">&#8211; LES BALADES &#8211;<\/a><\/h5>\n\n\n\n<p class=\"has-text-align-center\">Nous proposons deux types de balades, quel que soit votre niveau, rendez-vous sur la page d\u00e9di\u00e9e \u00e0 cette prestation. <\/p>\n\n\n\n<p><\/p>\n\n\n<div class=\"wp-block-image\">\n<figure class=\"aligncenter size-full is-resized\"><img decoding=\"async\" src=\"http:\/\/chevaletprovence.fr\/wp-content\/uploads\/2023\/01\/Capture-decran-2023-01-05-a-12.11.51.png\" alt=\"\" class=\"wp-image-407\" width=\"83\" height=\"60\" srcset=\"https:\/\/chevaletprovence.fr\/wp-content\/uploads\/2023\/01\/Capture-decran-2023-01-05-a-12.11.51.png 1020w, https:\/\/chevaletprovence.fr\/wp-content\/uploads\/2023\/01\/Capture-decran-2023-01-05-a-12.11.51-300x216.png 300w, https:\/\/chevaletprovence.fr\/wp-content\/uploads\/2023\/01\/Capture-decran-2023-01-05-a-12.11.51-768x554.png 768w\" sizes=\"(max-width: 83px) 100vw, 83px\" \/><\/figure>\n<\/div>\n\n\n<p><\/p>\n\n\n\n<h5 class=\"has-text-align-center wp-block-heading\"><a href=\"http:\/\/chevaletprovence.fr\/index.php\/les-stages\/\" target=\"_blank\" rel=\"noreferrer noopener\">&#8211; LES STAGES &#8211;<\/a><\/h5>\n\n\n\n<p class=\"has-text-align-center\">Notre Centre \u00c9questre propose diff\u00e9rents types de stages, allant de l&rsquo;initiation, au perfectionnement, en passant par la pr\u00e9paration aux Galops de la F\u00e9d\u00e9ration Fran\u00e7aise d&rsquo;\u00c9quitation.<\/p>\n\n\n\n<p><\/p>\n\n\n<div class=\"wp-block-image\">\n<figure class=\"aligncenter size-full is-resized\"><img decoding=\"async\" src=\"http:\/\/chevaletprovence.fr\/wp-content\/uploads\/2023\/01\/Capture-decran-2023-01-05-a-12.11.51.png\" alt=\"\" class=\"wp-image-407\" width=\"83\" height=\"60\" srcset=\"https:\/\/chevaletprovence.fr\/wp-content\/uploads\/2023\/01\/Capture-decran-2023-01-05-a-12.11.51.png 1020w, https:\/\/chevaletprovence.fr\/wp-content\/uploads\/2023\/01\/Capture-decran-2023-01-05-a-12.11.51-300x216.png 300w, https:\/\/chevaletprovence.fr\/wp-content\/uploads\/2023\/01\/Capture-decran-2023-01-05-a-12.11.51-768x554.png 768w\" sizes=\"(max-width: 83px) 100vw, 83px\" \/><\/figure>\n<\/div>\n\n\n<p><\/p>\n\n\n\n<h5 class=\"has-text-align-center wp-block-heading\"><a href=\"http:\/\/chevaletprovence.fr\/index.php\/accompagnement-en-concours\/\">&#8211; ACCOMPAGNEMENT EN CONCOURS &#8211;<\/a><\/h5>\n\n\n\n<p class=\"has-text-align-center\">Nous proposons un service d&rsquo;accompagnement personnalis\u00e9 et particuliers pour les cavaliers d\u00e9sirant faire de la comp\u00e9tition. <\/p>\n\n\n\n<p><\/p>\n\n\n<div class=\"wp-block-image\">\n<figure class=\"aligncenter size-full is-resized\"><img decoding=\"async\" src=\"http:\/\/chevaletprovence.fr\/wp-content\/uploads\/2023\/01\/Capture-decran-2023-01-05-a-12.11.51.png\" alt=\"\" class=\"wp-image-407\" width=\"83\" height=\"60\" srcset=\"https:\/\/chevaletprovence.fr\/wp-content\/uploads\/2023\/01\/Capture-decran-2023-01-05-a-12.11.51.png 1020w, https:\/\/chevaletprovence.fr\/wp-content\/uploads\/2023\/01\/Capture-decran-2023-01-05-a-12.11.51-300x216.png 300w, https:\/\/chevaletprovence.fr\/wp-content\/uploads\/2023\/01\/Capture-decran-2023-01-05-a-12.11.51-768x554.png 768w\" sizes=\"(max-width: 83px) 100vw, 83px\" \/><\/figure>\n<\/div>\n\n\n<p><\/p>\n\n\n\n<h5 class=\"has-text-align-center wp-block-heading\"><a href=\"http:\/\/chevaletprovence.fr\/index.php\/les-anniversaires\/\" target=\"_blank\" rel=\"noreferrer noopener\">&#8211; LES ANNIVERSAIRES &#8211;<\/a><\/h5>\n\n\n\n<p class=\"has-text-align-center\">Au cours d&rsquo;une matin\u00e9e, ou d&rsquo;un apr\u00e8s-midi, un moniteur dipl\u00f4m\u00e9 d&rsquo;\u00c9tat encadre vos enfants pour un anniversaire inoubliable. <\/p>\n\n\n\n<p><\/p>\n\n\n<div class=\"wp-block-image\">\n<figure class=\"aligncenter size-full is-resized\"><img decoding=\"async\" src=\"http:\/\/chevaletprovence.fr\/wp-content\/uploads\/2023\/01\/Capture-decran-2023-01-05-a-12.11.51.png\" alt=\"\" class=\"wp-image-407\" width=\"83\" height=\"60\" srcset=\"https:\/\/chevaletprovence.fr\/wp-content\/uploads\/2023\/01\/Capture-decran-2023-01-05-a-12.11.51.png 1020w, https:\/\/chevaletprovence.fr\/wp-content\/uploads\/2023\/01\/Capture-decran-2023-01-05-a-12.11.51-300x216.png 300w, https:\/\/chevaletprovence.fr\/wp-content\/uploads\/2023\/01\/Capture-decran-2023-01-05-a-12.11.51-768x554.png 768w\" sizes=\"(max-width: 83px) 100vw, 83px\" \/><\/figure>\n<\/div>\n\n\n<p><\/p>\n\n\n\n<h5 class=\"has-text-align-center wp-block-heading\"><a href=\"http:\/\/chevaletprovence.fr\/index.php\/les-groupes\/\">&#8211; ACCUEIL DES GROUPES &#8211;<\/a><\/h5>\n\n\n\n<p class=\"has-text-align-center\">\u00c9cole ? Centre de loisirs ? Ou bien particuliers qui r\u00eavent d&rsquo;un moment privil\u00e9gi\u00e9 entre ami(e)s autour de l&rsquo;\u00e9quitation ? Prenez connaissance de nos prestations pour les groupes. <\/p>\n","protected":false},"excerpt":{"rendered":"<p>Notre club vous propose diverse prestations, dont nous vous invitons \u00e0 d\u00e9couvrir le d\u00e9tail en cliquant sur celle qui vous int\u00e9resse. &#8211; LES COURS &#8211; Nous proposons des cours \u00e0 l&rsquo;ann\u00e9e pour tous les \u00e2ges et les niveaux. Vous pouvez vous inscrire \u00e0 tout moment et profiter d&rsquo;un tarif au prorata des cours r\u00e9alis\u00e9s pour une inscription \u00e0 l&rsquo;ann\u00e9e.D\u00e9couvrez aussi nos autres offres autour des cours. &#8211; NOS PENSIONS- Cheval et Provence vous propose trois formules de pension \u00e0 d\u00e9couvrir en cliquant ci-dessus. &#8211; LA DEMI-PENSION &#8211; D\u00e9couvrez la joie de partager un lien privil\u00e9gi\u00e9 avec l&rsquo;un de nos \u00e9quid\u00e9s et des tarifs avantageux. &#8211; LES BALADES &#8211; Nous proposons deux types de balades, quel que soit votre niveau, rendez-vous sur la page d\u00e9di\u00e9e \u00e0 cette prestation. &#8211; LES STAGES &#8211; Notre Centre \u00c9questre propose diff\u00e9rents types de stages, allant de l&rsquo;initiation, au perfectionnement, en passant par la pr\u00e9paration aux Galops de la F\u00e9d\u00e9ration Fran\u00e7aise d&rsquo;\u00c9quitation. &#8211; ACCOMPAGNEMENT EN CONCOURS &#8211; Nous proposons un service d&rsquo;accompagnement personnalis\u00e9 et particuliers pour les cavaliers d\u00e9sirant faire de la comp\u00e9tition. &#8211; LES ANNIVERSAIRES &#8211; Au cours d&rsquo;une matin\u00e9e, ou d&rsquo;un apr\u00e8s-midi, un moniteur dipl\u00f4m\u00e9 d&rsquo;\u00c9tat encadre vos enfants pour un anniversaire inoubliable. &#8211; ACCUEIL DES GROUPES &#8211; \u00c9cole ? Centre de loisirs ? Ou bien particuliers qui r\u00eavent d&rsquo;un moment privil\u00e9gi\u00e9 entre ami(e)s autour de l&rsquo;\u00e9quitation ? Prenez connaissance de nos prestations pour les groupes.<\/p>\n","protected":false},"author":1,"featured_media":0,"parent":0,"menu_order":0,"comment_status":"closed","ping_status":"closed","template":"","meta":{"footnotes":""},"class_list":["post-371","page","type-page","status-publish","hentry"],"_links":{"self":[{"href":"https:\/\/chevaletprovence.fr\/index.php\/wp-json\/wp\/v2\/pages\/371","targetHints":{"allow":["GET"]}}],"collection":[{"href":"https:\/\/chevaletprovence.fr\/index.php\/wp-json\/wp\/v2\/pages"}],"about":[{"href":"https:\/\/chevaletprovence.fr\/index.php\/wp-json\/wp\/v2\/types\/page"}],"author":[{"embeddable":true,"href":"https:\/\/chevaletprovence.fr\/index.php\/wp-json\/wp\/v2\/users\/1"}],"replies":[{"embeddable":true,"href":"https:\/\/chevaletprovence.fr\/index.php\/wp-json\/wp\/v2\/comments?post=371"}],"version-history":[{"count":18,"href":"https:\/\/chevaletprovence.fr\/index.php\/wp-json\/wp\/v2\/pages\/371\/revisions"}],"predecessor-version":[{"id":593,"href":"https:\/\/chevaletprovence.fr\/index.php\/wp-json\/wp\/v2\/pages\/371\/revisions\/593"}],"wp:attachment":[{"href":"https:\/\/chevaletprovence.fr\/index.php\/wp-json\/wp\/v2\/media?parent=371"}],"curies":[{"name":"wp","href":"https:\/\/api.w.org\/{rel}","templated":true}]}}